{"id":25396,"date":"2024-03-04T13:33:43","date_gmt":"2024-03-04T18:33:43","guid":{"rendered":"https:\/\/archive.ontariocaregiver.ca\/?post_type=tribe_events&#038;p=25396"},"modified":"2024-03-04T13:33:43","modified_gmt":"2024-03-04T18:33:43","slug":"la-danse-et-les-troubles-neurocognitifs-favoriser-linclusion-sociale-et-defier-la-stigmatisation","status":"publish","type":"tribe_events","link":"https:\/\/archive.ontariocaregiver.ca\/fr\/event\/la-danse-et-les-troubles-neurocognitifs-favoriser-linclusion-sociale-et-defier-la-stigmatisation\/","title":{"rendered":"La danse et les troubles  neurocognitifs :  favoriser l\u2019inclusion sociale  et d\u00e9fier la stigmatisation"},"content":{"rendered":"<p>Description du webinaire : La dance n\u2019est peut-\u00eatre pas la premi\u00e8re<br \/>\nchose \u00e0 laquelle on pense lorsqu\u2019on s\u2019occupe d\u2019une personne<br \/>\natteinte d\u2019un trouble neurocognitif, mais l\u2019opportunit\u00e9 de danser<br \/>\noffre beaucoup tant \u00e0 la personne aid\u00e9e qu\u2019\u00e0 la personne aidante.<br \/>\nCe webinaire explorera comment la danse peut favoriser l\u2019inclusion<br \/>\nsociale des personnes atteintes d\u2019un trouble neurocognitif, lutter<br \/>\ncontre la stigmatisation associ\u00e9e \u00e0 ce trouble et favoriser la cr\u00e9ation<br \/>\nde communaut\u00e9s adapt\u00e9es aux personnes atteintes de troubles<br \/>\nneurocognitifs. Joignez-vous \u00e0 nous pour :<br \/>\n\u2022 D\u00e9couvrir les bienfaits physiques de la danse;<br \/>\n\u2022 Explorer les moyens par lesquels la danse peut \u00eatre accessible pour<br \/>\nles personnes atteintes de troubles neurocognitifs et leurs personnes<br \/>\naidantes;<br \/>\n\u2022 Participer \u00e0 une br\u00e8ve d\u00e9monstration des opportunit\u00e9s de danse<br \/>\naccessible.<br \/>\nNotre conf\u00e9renci\u00e8re : Ashleigh Powell est enseignante dans le<br \/>\nprogramme de ballet professionnel \u00e0 l\u2019\u00c9cole nationale de ballet<br \/>\ndu Canada (ENB). En tant que responsable des programmes<br \/>\ncommunautaires de danse, Ashleigh collabore avec des partenaires<br \/>\ndes secteurs de l\u2019\u00e9ducation, de la programmation communautaire<br \/>\net du sport pour faire profiter tous les Canadiens des bienfaits de la<br \/>\ndanse. Dipl\u00f4m\u00e9e avec distinction du programme de formation pour les<br \/>\nprofesseurs de l\u2019\u00c9cole nationale de ballet du Canada, elle a re\u00e7u les prix<br \/>\nCarole Chadwick et Betty Oliphant en enseignement. Ayant travaill\u00e9<br \/>\nconsid\u00e9rablement comme chor\u00e9graphe au th\u00e9\u00e2tre, Ashleigh d\u00e9tient<br \/>\naussi un dipl\u00f4me d\u2019histoire et de sociologie de l\u2019Universit\u00e9 de Toronto.<\/p>\n","protected":false},"excerpt":{"rendered":"<p>Description du webinaire : La dance n\u2019est peut-\u00eatre pas la premi\u00e8re chose \u00e0 laquelle on pense lorsqu\u2019on s\u2019occupe d\u2019une personne atteinte d\u2019un trouble neurocognitif,..<\/p>\n","protected":false},"author":15,"featured_media":25397,"comment_status":"closed","ping_status":"closed","template":"","meta":{"_acf_changed":false,"_relevanssi_hide_post":"","_relevanssi_hide_content":"","_relevanssi_pin_for_all":"","_relevanssi_pin_keywords":"","_relevanssi_unpin_keywords":"","_relevanssi_related_keywords":"","_relevanssi_related_include_ids":"","_relevanssi_related_exclude_ids":"","_relevanssi_related_no_append":"","_relevanssi_related_not_related":"","_relevanssi_related_posts":"","_relevanssi_noindex_reason":"","_price":"","_stock":"","_tribe_ticket_header":"","_tribe_default_ticket_provider":"","_tribe_ticket_capacity":"0","_ticket_start_date":"","_ticket_end_date":"","_tribe_ticket_show_description":"","_tribe_ticket_show_not_going":false,"_tribe_ticket_use_global_stock":"","_tribe_ticket_global_stock_level":"","_global_stock_mode":"","_global_stock_cap":"","_tribe_rsvp_for_event":"","_tribe_ticket_going_count":"","_tribe_ticket_not_going_count":"","_tribe_tickets_list":[],"_tribe_ticket_has_attendee_info_fields":false,"footnotes":""},"tags":[382],"tribe_events_cat":[],"class_list":["post-25396","tribe_events","type-tribe_events","status-publish","has-post-thumbnail","hentry","tag-oco-fr"],"acf":[],"yoast_head":"<!-- This site is optimized with the Yoast SEO plugin v25.8 - https:\/\/yoast.com\/wordpress\/plugins\/seo\/ -->\n<title>La danse et les troubles neurocognitifs : favoriser l\u2019inclusion sociale et d\u00e9fier la stigmatisation - Organisme de soutien aux aidants naturels de l\u2019Ontario<\/title>\n<meta name=\"robots\" content=\"noindex, follow, max-snippet:-1, max-image-preview:large, max-video-preview:-1\" \/>\n<meta property=\"og:locale\" content=\"fr_FR\" \/>\n<meta property=\"og:type\" content=\"article\" \/>\n<meta property=\"og:title\" content=\"La danse et les troubles neurocognitifs : favoriser l\u2019inclusion sociale et d\u00e9fier la stigmatisation - Organisme de soutien aux aidants naturels de l\u2019Ontario\" \/>\n<meta property=\"og:description\" content=\"Description du webinaire : La dance n\u2019est peut-\u00eatre pas la premi\u00e8re chose \u00e0 laquelle on pense lorsqu\u2019on s\u2019occupe d\u2019une personne atteinte d\u2019un trouble neurocognitif,..\" \/>\n<meta property=\"og:url\" content=\"https:\/\/archive.ontariocaregiver.ca\/fr\/event\/la-danse-et-les-troubles-neurocognitifs-favoriser-linclusion-sociale-et-defier-la-stigmatisation\/\" \/>\n<meta property=\"og:site_name\" content=\"Organisme de soutien aux aidants naturels de l\u2019Ontario\" \/>\n<meta property=\"og:image\" content=\"https:\/\/ontariocaregiver.ca\/wp-content\/uploads\/2024\/03\/EB-cover.png\" \/>\n\t<meta property=\"og:image:width\" content=\"2160\" \/>\n\t<meta property=\"og:image:height\" content=\"1080\" \/>\n\t<meta property=\"og:image:type\" content=\"image\/png\" \/>\n<meta name=\"twitter:card\" content=\"summary_large_image\" \/>\n<meta name=\"twitter:label1\" content=\"Dur\u00e9e de lecture estim\u00e9e\" \/>\n\t<meta name=\"twitter:data1\" content=\"2 minutes\" \/>\n<script type=\"application\/ld+json\" class=\"yoast-schema-graph\">{\"@context\":\"https:\/\/schema.org\",\"@graph\":[{\"@type\":\"WebPage\",\"@id\":\"https:\/\/archive.ontariocaregiver.ca\/fr\/event\/la-danse-et-les-troubles-neurocognitifs-favoriser-linclusion-sociale-et-defier-la-stigmatisation\/\",\"url\":\"https:\/\/archive.ontariocaregiver.ca\/fr\/event\/la-danse-et-les-troubles-neurocognitifs-favoriser-linclusion-sociale-et-defier-la-stigmatisation\/\",\"name\":\"La danse et les troubles neurocognitifs : favoriser l\u2019inclusion sociale et d\u00e9fier la stigmatisation - Organisme de soutien aux aidants naturels de l\u2019Ontario\",\"isPartOf\":{\"@id\":\"https:\/\/archive.ontariocaregiver.ca\/fr\/#website\"},\"primaryImageOfPage\":{\"@id\":\"https:\/\/archive.ontariocaregiver.ca\/fr\/event\/la-danse-et-les-troubles-neurocognitifs-favoriser-linclusion-sociale-et-defier-la-stigmatisation\/#primaryimage\"},\"image\":{\"@id\":\"https:\/\/archive.ontariocaregiver.ca\/fr\/event\/la-danse-et-les-troubles-neurocognitifs-favoriser-linclusion-sociale-et-defier-la-stigmatisation\/#primaryimage\"},\"thumbnailUrl\":\"https:\/\/ontariocaregiver.ca\/wp-content\/uploads\/2024\/03\/EB-cover.png\",\"datePublished\":\"2024-03-04T18:33:43+00:00\",\"breadcrumb\":{\"@id\":\"https:\/\/archive.ontariocaregiver.ca\/fr\/event\/la-danse-et-les-troubles-neurocognitifs-favoriser-linclusion-sociale-et-defier-la-stigmatisation\/#breadcrumb\"},\"inLanguage\":\"fr-FR\",\"potentialAction\":[{\"@type\":\"ReadAction\",\"target\":[\"https:\/\/archive.ontariocaregiver.ca\/fr\/event\/la-danse-et-les-troubles-neurocognitifs-favoriser-linclusion-sociale-et-defier-la-stigmatisation\/\"]}]},{\"@type\":\"ImageObject\",\"inLanguage\":\"fr-FR\",\"@id\":\"https:\/\/archive.ontariocaregiver.ca\/fr\/event\/la-danse-et-les-troubles-neurocognitifs-favoriser-linclusion-sociale-et-defier-la-stigmatisation\/#primaryimage\",\"url\":\"https:\/\/ontariocaregiver.ca\/wp-content\/uploads\/2024\/03\/EB-cover.png\",\"contentUrl\":\"https:\/\/ontariocaregiver.ca\/wp-content\/uploads\/2024\/03\/EB-cover.png\",\"width\":2160,\"height\":1080},{\"@type\":\"BreadcrumbList\",\"@id\":\"https:\/\/archive.ontariocaregiver.ca\/fr\/event\/la-danse-et-les-troubles-neurocognitifs-favoriser-linclusion-sociale-et-defier-la-stigmatisation\/#breadcrumb\",\"itemListElement\":[{\"@type\":\"ListItem\",\"position\":1,\"name\":\"Page principale\",\"item\":\"https:\/\/archive.ontariocaregiver.ca\/fr\/\"},{\"@type\":\"ListItem\",\"position\":2,\"name\":\"\u00c9v\u00e8nements\",\"item\":\"https:\/\/archive.ontariocaregiver.ca\/fr\/events\/\"},{\"@type\":\"ListItem\",\"position\":3,\"name\":\"La danse et les troubles neurocognitifs : favoriser l\u2019inclusion sociale et d\u00e9fier la stigmatisation\"}]},{\"@type\":\"WebSite\",\"@id\":\"https:\/\/archive.ontariocaregiver.ca\/fr\/#website\",\"url\":\"https:\/\/archive.ontariocaregiver.ca\/fr\/\",\"name\":\"Organisme de soutien aux aidants naturels de l\u2019Ontario\",\"description\":\"\",\"potentialAction\":[{\"@type\":\"SearchAction\",\"target\":{\"@type\":\"EntryPoint\",\"urlTemplate\":\"https:\/\/archive.ontariocaregiver.ca\/fr\/?s={search_term_string}\"},\"query-input\":{\"@type\":\"PropertyValueSpecification\",\"valueRequired\":true,\"valueName\":\"search_term_string\"}}],\"inLanguage\":\"fr-FR\"}]}<\/script>\n<!-- \/ Yoast SEO plugin. -->","yoast_head_json":{"title":"La danse et les troubles neurocognitifs : favoriser l\u2019inclusion sociale et d\u00e9fier la stigmatisation - Organisme de soutien aux aidants naturels de l\u2019Ontario","robots":{"index":"noindex","follow":"follow","max-snippet":"max-snippet:-1","max-image-preview":"max-image-preview:large","max-video-preview":"max-video-preview:-1"},"og_locale":"fr_FR","og_type":"article","og_title":"La danse et les troubles neurocognitifs : favoriser l\u2019inclusion sociale et d\u00e9fier la stigmatisation - Organisme de soutien aux aidants naturels de l\u2019Ontario","og_description":"Description du webinaire : La dance n\u2019est peut-\u00eatre pas la premi\u00e8re chose \u00e0 laquelle on pense lorsqu\u2019on s\u2019occupe d\u2019une personne atteinte d\u2019un trouble neurocognitif,..","og_url":"https:\/\/archive.ontariocaregiver.ca\/fr\/event\/la-danse-et-les-troubles-neurocognitifs-favoriser-linclusion-sociale-et-defier-la-stigmatisation\/","og_site_name":"Organisme de soutien aux aidants naturels de l\u2019Ontario","og_image":[{"width":2160,"height":1080,"url":"https:\/\/ontariocaregiver.ca\/wp-content\/uploads\/2024\/03\/EB-cover.png","type":"image\/png"}],"twitter_card":"summary_large_image","twitter_misc":{"Dur\u00e9e de lecture estim\u00e9e":"2 minutes"},"schema":{"@context":"https:\/\/schema.org","@graph":[{"@type":"WebPage","@id":"https:\/\/archive.ontariocaregiver.ca\/fr\/event\/la-danse-et-les-troubles-neurocognitifs-favoriser-linclusion-sociale-et-defier-la-stigmatisation\/","url":"https:\/\/archive.ontariocaregiver.ca\/fr\/event\/la-danse-et-les-troubles-neurocognitifs-favoriser-linclusion-sociale-et-defier-la-stigmatisation\/","name":"La danse et les troubles neurocognitifs : favoriser l\u2019inclusion sociale et d\u00e9fier la stigmatisation - Organisme de soutien aux aidants naturels de l\u2019Ontario","isPartOf":{"@id":"https:\/\/archive.ontariocaregiver.ca\/fr\/#website"},"primaryImageOfPage":{"@id":"https:\/\/archive.ontariocaregiver.ca\/fr\/event\/la-danse-et-les-troubles-neurocognitifs-favoriser-linclusion-sociale-et-defier-la-stigmatisation\/#primaryimage"},"image":{"@id":"https:\/\/archive.ontariocaregiver.ca\/fr\/event\/la-danse-et-les-troubles-neurocognitifs-favoriser-linclusion-sociale-et-defier-la-stigmatisation\/#primaryimage"},"thumbnailUrl":"https:\/\/ontariocaregiver.ca\/wp-content\/uploads\/2024\/03\/EB-cover.png","datePublished":"2024-03-04T18:33:43+00:00","breadcrumb":{"@id":"https:\/\/archive.ontariocaregiver.ca\/fr\/event\/la-danse-et-les-troubles-neurocognitifs-favoriser-linclusion-sociale-et-defier-la-stigmatisation\/#breadcrumb"},"inLanguage":"fr-FR","potentialAction":[{"@type":"ReadAction","target":["https:\/\/archive.ontariocaregiver.ca\/fr\/event\/la-danse-et-les-troubles-neurocognitifs-favoriser-linclusion-sociale-et-defier-la-stigmatisation\/"]}]},{"@type":"ImageObject","inLanguage":"fr-FR","@id":"https:\/\/archive.ontariocaregiver.ca\/fr\/event\/la-danse-et-les-troubles-neurocognitifs-favoriser-linclusion-sociale-et-defier-la-stigmatisation\/#primaryimage","url":"https:\/\/ontariocaregiver.ca\/wp-content\/uploads\/2024\/03\/EB-cover.png","contentUrl":"https:\/\/ontariocaregiver.ca\/wp-content\/uploads\/2024\/03\/EB-cover.png","width":2160,"height":1080},{"@type":"BreadcrumbList","@id":"https:\/\/archive.ontariocaregiver.ca\/fr\/event\/la-danse-et-les-troubles-neurocognitifs-favoriser-linclusion-sociale-et-defier-la-stigmatisation\/#breadcrumb","itemListElement":[{"@type":"ListItem","position":1,"name":"Page principale","item":"https:\/\/archive.ontariocaregiver.ca\/fr\/"},{"@type":"ListItem","position":2,"name":"\u00c9v\u00e8nements","item":"https:\/\/archive.ontariocaregiver.ca\/fr\/events\/"},{"@type":"ListItem","position":3,"name":"La danse et les troubles neurocognitifs : favoriser l\u2019inclusion sociale et d\u00e9fier la stigmatisation"}]},{"@type":"WebSite","@id":"https:\/\/archive.ontariocaregiver.ca\/fr\/#website","url":"https:\/\/archive.ontariocaregiver.ca\/fr\/","name":"Organisme de soutien aux aidants naturels de l\u2019Ontario","description":"","potentialAction":[{"@type":"SearchAction","target":{"@type":"EntryPoint","urlTemplate":"https:\/\/archive.ontariocaregiver.ca\/fr\/?s={search_term_string}"},"query-input":{"@type":"PropertyValueSpecification","valueRequired":true,"valueName":"search_term_string"}}],"inLanguage":"fr-FR"}]}},"ticketed":false,"_links":{"self":[{"href":"https:\/\/archive.ontariocaregiver.ca\/fr\/wp-json\/wp\/v2\/tribe_events\/25396","targetHints":{"allow":["GET"]}}],"collection":[{"href":"https:\/\/archive.ontariocaregiver.ca\/fr\/wp-json\/wp\/v2\/tribe_events"}],"about":[{"href":"https:\/\/archive.ontariocaregiver.ca\/fr\/wp-json\/wp\/v2\/types\/tribe_events"}],"author":[{"embeddable":true,"href":"https:\/\/archive.ontariocaregiver.ca\/fr\/wp-json\/wp\/v2\/users\/15"}],"replies":[{"embeddable":true,"href":"https:\/\/archive.ontariocaregiver.ca\/fr\/wp-json\/wp\/v2\/comments?post=25396"}],"version-history":[{"count":1,"href":"https:\/\/archive.ontariocaregiver.ca\/fr\/wp-json\/wp\/v2\/tribe_events\/25396\/revisions"}],"predecessor-version":[{"id":25407,"href":"https:\/\/archive.ontariocaregiver.ca\/fr\/wp-json\/wp\/v2\/tribe_events\/25396\/revisions\/25407"}],"wp:featuredmedia":[{"embeddable":true,"href":"https:\/\/archive.ontariocaregiver.ca\/fr\/wp-json\/wp\/v2\/media\/25397"}],"wp:attachment":[{"href":"https:\/\/archive.ontariocaregiver.ca\/fr\/wp-json\/wp\/v2\/media?parent=25396"}],"wp:term":[{"taxonomy":"post_tag","embeddable":true,"href":"https:\/\/archive.ontariocaregiver.ca\/fr\/wp-json\/wp\/v2\/tags?post=25396"},{"taxonomy":"tribe_events_cat","embeddable":true,"href":"https:\/\/archive.ontariocaregiver.ca\/fr\/wp-json\/wp\/v2\/tribe_events_cat?post=25396"}],"curies":[{"name":"wp","href":"https:\/\/api.w.org\/{rel}","templated":true}]}}