{"id":23681,"date":"2023-08-04T11:50:32","date_gmt":"2023-08-04T15:50:32","guid":{"rendered":"https:\/\/archive.ontariocaregiver.ca\/?page_id=23681"},"modified":"2023-09-26T11:44:58","modified_gmt":"2023-09-26T15:44:58","slug":"oco-in-your-community","status":"publish","type":"page","link":"https:\/\/archive.ontariocaregiver.ca\/fr\/a-propos-de-losano\/oco-in-your-community\/","title":{"rendered":"L\u2019OSANO dans votre communaut\u00e9"},"content":{"rendered":"\n<p>L\u2019OSANO a une \u00e9quipe de responsables r\u00e9gionaux qui travaillent dans les r\u00e9gions du Nord, de l\u2019Ouest, du Centre \/ Grand Toronto et de l\u2019Est de l\u2019Ontario. Les responsables r\u00e9gionaux informent les communaut\u00e9s locales des programmes et des services de l\u2019OSANO et recueillent des renseignements sur les exp\u00e9riences et les besoins en mati\u00e8re d\u2019aidance naturelle au sein de ces communaut\u00e9s. Les responsables r\u00e9gionaux collaborent et s\u2019associent \u00e0 des initiatives r\u00e9gionales de soutien pour les personnes aidantes naturelles, et offrent une s\u00e9rie de pr\u00e9sentations aux personnes aidantes naturelles et \u00e0 des professionnels.<\/p>\n\n\n\n<p>Voici quelques exemples de notre collaboration avec les communaut\u00e9s&nbsp;:<\/p>\n\n\n\n<ul class=\"wp-block-list\">\n<li>Cr\u00e9er des ressources ou mettre en \u0153uvre des programmes conjointement avec la communaut\u00e9.<\/li>\n\n\n\n<li>\u00c9tablir des voies d\u2019aiguillage afin d\u2019am\u00e9liorer l\u2019acc\u00e8s des personnes aidantes naturelles aux services de soutien.<\/li>\n\n\n\n<li>Soutenir la planification et l\u2019organisation d\u2019\u00e9v\u00e9nements destin\u00e9s aux personnes aidantes naturelles, tels que des journ\u00e9es \u00e9ducatives ou des forums.<\/li>\n\n\n\n<li>Pr\u00e9sider des comit\u00e9s de soutien pour les personnes aidantes naturelles. <\/li>\n\n\n\n<li>Soutenir la diffusion et l\u2019\u00e9largissement des approches locales en mati\u00e8re de soutien pour les personnes aidantes naturelles.<\/li>\n<\/ul>\n\n\n\n<h2 class=\"wp-block-heading\">Entrez en contact avec votre responsable r\u00e9gional<\/h2>\n\n\n\n<p>Vous pouvez entrer en contact avec le responsable r\u00e9gional de votre r\u00e9gion pour&nbsp;faire ce qui suit&nbsp;:<\/p>\n\n\n\n<div class=\"wp-block-columns is-layout-flex wp-container-core-columns-is-layout-1 wp-block-columns-is-layout-flex\">\n<div class=\"wp-block-column is-layout-flow wp-block-column-is-layout-flow\">\n<ul class=\"wp-block-list\">\n<li>Planifier une s\u00e9ance d\u2019information ou de formation \u00e0 l\u2019intention des personnes aidantes naturelles.<\/li>\n\n\n\n<li>Planifier une s\u00e9ance d\u2019information ou de formation pour votre \u00e9quipe d\u2019employ\u00e9s.<\/li>\n\n\n\n<li>D\u00e9couvrir davantage le travail de l\u2019OSANO afin de soutenir les personnes aidantes naturelles, les prestataires de services et les employeurs.<\/li>\n\n\n\n<li>Discuter des possibilit\u00e9s de collaboration pour am\u00e9liorer l\u2019acc\u00e8s des personnes aidantes naturelles au soutien. Consultez notre page <a href=\"https:\/\/archive.ontariocaregiver.ca\/fr\/impliquez-vous\/devenez-notre-partenaire\/\">Devenez notre partenaire<\/a> pour en savoir plus sur les diff\u00e9rentes fa\u00e7ons dont nous pouvons collaborer.<\/li>\n\n\n\n<li>Fournir des informations sur l\u2019aidance naturelle dans votre communaut\u00e9.<\/li>\n\n\n\n<li>Inviter l\u2019OSANO \u00e0 un \u00e9v\u00e9nement ou \u00e0 une foire au sein de votre communaut\u00e9.<\/li>\n<\/ul>\n<\/div>\n\n\n\n<div class=\"wp-block-column is-layout-flow wp-block-column-is-layout-flow\">\n<figure class=\"wp-block-image size-large is-resized\"><img decoding=\"async\" src=\"https:\/\/ontariocaregiver.ca\/wp-content\/uploads\/2023\/09\/OCO-Regional-map-of-Ontario-French-843x1024.jpg\" alt=\"Carte des r\u00e9gions de l'OSANO en Ontario: nord, est, centre\/Grand Toronto, ouest\" class=\"wp-image-24147\" style=\"width:360px\" width=\"360\" srcset=\"https:\/\/ontariocaregiver.ca\/wp-content\/uploads\/2023\/09\/OCO-Regional-map-of-Ontario-French-843x1024.jpg 843w, https:\/\/ontariocaregiver.ca\/wp-content\/uploads\/2023\/09\/OCO-Regional-map-of-Ontario-French-247x300.jpg 247w, https:\/\/ontariocaregiver.ca\/wp-content\/uploads\/2023\/09\/OCO-Regional-map-of-Ontario-French-768x933.jpg 768w, https:\/\/ontariocaregiver.ca\/wp-content\/uploads\/2023\/09\/OCO-Regional-map-of-Ontario-French-1265x1536.jpg 1265w, https:\/\/ontariocaregiver.ca\/wp-content\/uploads\/2023\/09\/OCO-Regional-map-of-Ontario-French-1686x2048.jpg 1686w, https:\/\/ontariocaregiver.ca\/wp-content\/uploads\/2023\/09\/OCO-Regional-map-of-Ontario-French-1600x1943.jpg 1600w, https:\/\/ontariocaregiver.ca\/wp-content\/uploads\/2023\/09\/OCO-Regional-map-of-Ontario-French-700x850.jpg 700w, https:\/\/ontariocaregiver.ca\/wp-content\/uploads\/2023\/09\/OCO-Regional-map-of-Ontario-French-600x729.jpg 600w\" sizes=\"(max-width: 843px) 100vw, 843px\" \/><figcaption class=\"wp-element-caption\">Carte des r\u00e9gions de l&rsquo;OSANO en Ontario: nord, est, centre\/Grand Toronto, ouest<\/figcaption><\/figure>\n<\/div>\n<\/div>\n\n\n\n<h2 class=\"wp-block-heading\">Contacts<\/h2>\n\n\n\n<p><strong>T\u00e9l\u00e9phone&nbsp;: 416-362-CARE (2273)<\/strong><\/p>\n\n\n\n<p><strong>Sans frais&nbsp;: 1-888-877-1626<\/strong><\/p>\n\n\n\n<p><a href=\"mailto:Hannaha@archive.ontariocaregiver.ca\">Hannah Albani<\/a>, Responsable r\u00e9gionale, Nord de l\u2019Ontario, poste 1019<\/p>\n\n\n\n<p><a href=\"mailto:katiem@archive.ontariocaregiver.ca\">Katie Muirhead<\/a>, Responsable r\u00e9gionale, Ouest de l\u2019Ontario, poste 1020<\/p>\n\n\n\n<p><a href=\"mailto:roxanned@archive.ontariocaregiver.ca\">Roxanne Dion-Boudreau<\/a>, Responsable r\u00e9gionale, Est de l\u2019Ontario et communaut\u00e9s francophones, poste 1037 \u00ab <em>Je parle fran\u00e7ais<\/em> \u00bb<\/p>\n\n\n\n<p>Poste vacant, Responsable r\u00e9gionale, Grand Toronto et Centre de l\u2019Ontario, poste 1031 <em>(S&rsquo;il vous pla\u00eet contactez Sarah Calvin)<\/em><\/p>\n\n\n\n<p><a href=\"mailto:SarahC@archive.ontariocaregiver.ca\">Sarah Calvin<\/a>, Gestionnaire, engagement r\u00e9gional, poste 1027 \u00ab <em>Je parle fran\u00e7ais<\/em> \u00bb<\/p>\n","protected":false},"excerpt":{"rendered":"<p>L\u2019OSANO a une \u00e9quipe de responsables r\u00e9gionaux qui travaillent dans les r\u00e9gions du Nord, de l\u2019Ouest, du Centre \/ Grand Toronto et de l\u2019Est..<\/p>\n","protected":false},"author":17,"featured_media":23683,"parent":822,"menu_order":0,"comment_status":"closed","ping_status":"closed","template":"","meta":{"_acf_changed":false,"_relevanssi_hide_post":"","_relevanssi_hide_content":"","_relevanssi_pin_for_all":"","_relevanssi_pin_keywords":"","_relevanssi_unpin_keywords":"","_relevanssi_related_keywords":"","_relevanssi_related_include_ids":"","_relevanssi_related_exclude_ids":"","_relevanssi_related_no_append":"","_relevanssi_related_not_related":"","_relevanssi_related_posts":"11618,10342,9320,1951,11544,15757","_relevanssi_noindex_reason":"","_price":"","_stock":"","_tribe_ticket_header":"","_tribe_default_ticket_provider":"","_tribe_ticket_capacity":"0","_ticket_start_date":"","_ticket_end_date":"","_tribe_ticket_show_description":"","_tribe_ticket_show_not_going":false,"_tribe_ticket_use_global_stock":"","_tribe_ticket_global_stock_level":"","_global_stock_mode":"","_global_stock_cap":"","_tribe_rsvp_for_event":"","_tribe_ticket_going_count":"","_tribe_ticket_not_going_count":"","_tribe_tickets_list":[],"_tribe_ticket_has_attendee_info_fields":false,"footnotes":""},"class_list":["post-23681","page","type-page","status-publish","has-post-thumbnail","hentry"],"acf":[],"yoast_head":"<!-- This site is optimized with the Yoast SEO plugin v25.8 - https:\/\/yoast.com\/wordpress\/plugins\/seo\/ -->\n<title>L\u2019OSANO dans votre communaut\u00e9 - Organisme de soutien aux aidants naturels de l\u2019Ontario<\/title>\n<meta name=\"robots\" content=\"noindex, follow, max-snippet:-1, max-image-preview:large, max-video-preview:-1\" \/>\n<meta property=\"og:locale\" content=\"fr_FR\" \/>\n<meta property=\"og:type\" content=\"article\" \/>\n<meta property=\"og:title\" content=\"L\u2019OSANO dans votre communaut\u00e9 - Organisme de soutien aux aidants naturels de l\u2019Ontario\" \/>\n<meta property=\"og:description\" content=\"L\u2019OSANO a une \u00e9quipe de responsables r\u00e9gionaux qui travaillent dans les r\u00e9gions du Nord, de l\u2019Ouest, du Centre \/ Grand Toronto et de l\u2019Est..\" \/>\n<meta property=\"og:url\" content=\"https:\/\/archive.ontariocaregiver.ca\/fr\/a-propos-de-losano\/oco-in-your-community\/\" \/>\n<meta property=\"og:site_name\" content=\"Organisme de soutien aux aidants naturels de l\u2019Ontario\" \/>\n<meta property=\"article:modified_time\" content=\"2023-09-26T15:44:58+00:00\" \/>\n<meta property=\"og:image\" content=\"https:\/\/ontariocaregiver.ca\/wp-content\/uploads\/2023\/08\/iStock-1201624763.jpg\" \/>\n\t<meta property=\"og:image:width\" content=\"2216\" \/>\n\t<meta property=\"og:image:height\" content=\"1352\" \/>\n\t<meta property=\"og:image:type\" content=\"image\/jpeg\" \/>\n<meta name=\"twitter:card\" content=\"summary_large_image\" \/>\n<meta name=\"twitter:label1\" content=\"Dur\u00e9e de lecture estim\u00e9e\" \/>\n\t<meta name=\"twitter:data1\" content=\"2 minutes\" \/>\n<script type=\"application\/ld+json\" class=\"yoast-schema-graph\">{\"@context\":\"https:\/\/schema.org\",\"@graph\":[{\"@type\":\"WebPage\",\"@id\":\"https:\/\/archive.ontariocaregiver.ca\/fr\/a-propos-de-losano\/oco-in-your-community\/\",\"url\":\"https:\/\/archive.ontariocaregiver.ca\/fr\/a-propos-de-losano\/oco-in-your-community\/\",\"name\":\"L\u2019OSANO dans votre communaut\u00e9 - Organisme de soutien aux aidants naturels de l\u2019Ontario\",\"isPartOf\":{\"@id\":\"https:\/\/archive.ontariocaregiver.ca\/fr\/#website\"},\"primaryImageOfPage\":{\"@id\":\"https:\/\/archive.ontariocaregiver.ca\/fr\/a-propos-de-losano\/oco-in-your-community\/#primaryimage\"},\"image\":{\"@id\":\"https:\/\/archive.ontariocaregiver.ca\/fr\/a-propos-de-losano\/oco-in-your-community\/#primaryimage\"},\"thumbnailUrl\":\"https:\/\/ontariocaregiver.ca\/wp-content\/uploads\/2023\/08\/iStock-1201624763.jpg\",\"datePublished\":\"2023-08-04T15:50:32+00:00\",\"dateModified\":\"2023-09-26T15:44:58+00:00\",\"breadcrumb\":{\"@id\":\"https:\/\/archive.ontariocaregiver.ca\/fr\/a-propos-de-losano\/oco-in-your-community\/#breadcrumb\"},\"inLanguage\":\"fr-FR\",\"potentialAction\":[{\"@type\":\"ReadAction\",\"target\":[\"https:\/\/archive.ontariocaregiver.ca\/fr\/a-propos-de-losano\/oco-in-your-community\/\"]}]},{\"@type\":\"ImageObject\",\"inLanguage\":\"fr-FR\",\"@id\":\"https:\/\/archive.ontariocaregiver.ca\/fr\/a-propos-de-losano\/oco-in-your-community\/#primaryimage\",\"url\":\"https:\/\/ontariocaregiver.ca\/wp-content\/uploads\/2023\/08\/iStock-1201624763.jpg\",\"contentUrl\":\"https:\/\/ontariocaregiver.ca\/wp-content\/uploads\/2023\/08\/iStock-1201624763.jpg\",\"width\":2216,\"height\":1352,\"caption\":\"Business people listening to the presenter at the conference\"},{\"@type\":\"BreadcrumbList\",\"@id\":\"https:\/\/archive.ontariocaregiver.ca\/fr\/a-propos-de-losano\/oco-in-your-community\/#breadcrumb\",\"itemListElement\":[{\"@type\":\"ListItem\",\"position\":1,\"name\":\"Page principale\",\"item\":\"https:\/\/archive.ontariocaregiver.ca\/fr\/\"},{\"@type\":\"ListItem\",\"position\":2,\"name\":\"\u00c0 propos de l\u2019OSANO\",\"item\":\"https:\/\/archive.ontariocaregiver.ca\/fr\/about-oco\/\"},{\"@type\":\"ListItem\",\"position\":3,\"name\":\"L\u2019OSANO dans votre communaut\u00e9\"}]},{\"@type\":\"WebSite\",\"@id\":\"https:\/\/archive.ontariocaregiver.ca\/fr\/#website\",\"url\":\"https:\/\/archive.ontariocaregiver.ca\/fr\/\",\"name\":\"Organisme de soutien aux aidants naturels de l\u2019Ontario\",\"description\":\"\",\"potentialAction\":[{\"@type\":\"SearchAction\",\"target\":{\"@type\":\"EntryPoint\",\"urlTemplate\":\"https:\/\/archive.ontariocaregiver.ca\/fr\/?s={search_term_string}\"},\"query-input\":{\"@type\":\"PropertyValueSpecification\",\"valueRequired\":true,\"valueName\":\"search_term_string\"}}],\"inLanguage\":\"fr-FR\"}]}<\/script>\n<!-- \/ Yoast SEO plugin. -->","yoast_head_json":{"title":"L\u2019OSANO dans votre communaut\u00e9 - Organisme de soutien aux aidants naturels de l\u2019Ontario","robots":{"index":"noindex","follow":"follow","max-snippet":"max-snippet:-1","max-image-preview":"max-image-preview:large","max-video-preview":"max-video-preview:-1"},"og_locale":"fr_FR","og_type":"article","og_title":"L\u2019OSANO dans votre communaut\u00e9 - Organisme de soutien aux aidants naturels de l\u2019Ontario","og_description":"L\u2019OSANO a une \u00e9quipe de responsables r\u00e9gionaux qui travaillent dans les r\u00e9gions du Nord, de l\u2019Ouest, du Centre \/ Grand Toronto et de l\u2019Est..","og_url":"https:\/\/archive.ontariocaregiver.ca\/fr\/a-propos-de-losano\/oco-in-your-community\/","og_site_name":"Organisme de soutien aux aidants naturels de l\u2019Ontario","article_modified_time":"2023-09-26T15:44:58+00:00","og_image":[{"width":2216,"height":1352,"url":"https:\/\/ontariocaregiver.ca\/wp-content\/uploads\/2023\/08\/iStock-1201624763.jpg","type":"image\/jpeg"}],"twitter_card":"summary_large_image","twitter_misc":{"Dur\u00e9e de lecture estim\u00e9e":"2 minutes"},"schema":{"@context":"https:\/\/schema.org","@graph":[{"@type":"WebPage","@id":"https:\/\/archive.ontariocaregiver.ca\/fr\/a-propos-de-losano\/oco-in-your-community\/","url":"https:\/\/archive.ontariocaregiver.ca\/fr\/a-propos-de-losano\/oco-in-your-community\/","name":"L\u2019OSANO dans votre communaut\u00e9 - Organisme de soutien aux aidants naturels de l\u2019Ontario","isPartOf":{"@id":"https:\/\/archive.ontariocaregiver.ca\/fr\/#website"},"primaryImageOfPage":{"@id":"https:\/\/archive.ontariocaregiver.ca\/fr\/a-propos-de-losano\/oco-in-your-community\/#primaryimage"},"image":{"@id":"https:\/\/archive.ontariocaregiver.ca\/fr\/a-propos-de-losano\/oco-in-your-community\/#primaryimage"},"thumbnailUrl":"https:\/\/ontariocaregiver.ca\/wp-content\/uploads\/2023\/08\/iStock-1201624763.jpg","datePublished":"2023-08-04T15:50:32+00:00","dateModified":"2023-09-26T15:44:58+00:00","breadcrumb":{"@id":"https:\/\/archive.ontariocaregiver.ca\/fr\/a-propos-de-losano\/oco-in-your-community\/#breadcrumb"},"inLanguage":"fr-FR","potentialAction":[{"@type":"ReadAction","target":["https:\/\/archive.ontariocaregiver.ca\/fr\/a-propos-de-losano\/oco-in-your-community\/"]}]},{"@type":"ImageObject","inLanguage":"fr-FR","@id":"https:\/\/archive.ontariocaregiver.ca\/fr\/a-propos-de-losano\/oco-in-your-community\/#primaryimage","url":"https:\/\/ontariocaregiver.ca\/wp-content\/uploads\/2023\/08\/iStock-1201624763.jpg","contentUrl":"https:\/\/ontariocaregiver.ca\/wp-content\/uploads\/2023\/08\/iStock-1201624763.jpg","width":2216,"height":1352,"caption":"Business people listening to the presenter at the conference"},{"@type":"BreadcrumbList","@id":"https:\/\/archive.ontariocaregiver.ca\/fr\/a-propos-de-losano\/oco-in-your-community\/#breadcrumb","itemListElement":[{"@type":"ListItem","position":1,"name":"Page principale","item":"https:\/\/archive.ontariocaregiver.ca\/fr\/"},{"@type":"ListItem","position":2,"name":"\u00c0 propos de l\u2019OSANO","item":"https:\/\/archive.ontariocaregiver.ca\/fr\/about-oco\/"},{"@type":"ListItem","position":3,"name":"L\u2019OSANO dans votre communaut\u00e9"}]},{"@type":"WebSite","@id":"https:\/\/archive.ontariocaregiver.ca\/fr\/#website","url":"https:\/\/archive.ontariocaregiver.ca\/fr\/","name":"Organisme de soutien aux aidants naturels de l\u2019Ontario","description":"","potentialAction":[{"@type":"SearchAction","target":{"@type":"EntryPoint","urlTemplate":"https:\/\/archive.ontariocaregiver.ca\/fr\/?s={search_term_string}"},"query-input":{"@type":"PropertyValueSpecification","valueRequired":true,"valueName":"search_term_string"}}],"inLanguage":"fr-FR"}]}},"ticketed":false,"_links":{"self":[{"href":"https:\/\/archive.ontariocaregiver.ca\/fr\/wp-json\/wp\/v2\/pages\/23681","targetHints":{"allow":["GET"]}}],"collection":[{"href":"https:\/\/archive.ontariocaregiver.ca\/fr\/wp-json\/wp\/v2\/pages"}],"about":[{"href":"https:\/\/archive.ontariocaregiver.ca\/fr\/wp-json\/wp\/v2\/types\/page"}],"author":[{"embeddable":true,"href":"https:\/\/archive.ontariocaregiver.ca\/fr\/wp-json\/wp\/v2\/users\/17"}],"replies":[{"embeddable":true,"href":"https:\/\/archive.ontariocaregiver.ca\/fr\/wp-json\/wp\/v2\/comments?post=23681"}],"version-history":[{"count":6,"href":"https:\/\/archive.ontariocaregiver.ca\/fr\/wp-json\/wp\/v2\/pages\/23681\/revisions"}],"predecessor-version":[{"id":24150,"href":"https:\/\/archive.ontariocaregiver.ca\/fr\/wp-json\/wp\/v2\/pages\/23681\/revisions\/24150"}],"up":[{"embeddable":true,"href":"https:\/\/archive.ontariocaregiver.ca\/fr\/wp-json\/wp\/v2\/pages\/822"}],"wp:featuredmedia":[{"embeddable":true,"href":"https:\/\/archive.ontariocaregiver.ca\/fr\/wp-json\/wp\/v2\/media\/23683"}],"wp:attachment":[{"href":"https:\/\/archive.ontariocaregiver.ca\/fr\/wp-json\/wp\/v2\/media?parent=23681"}],"curies":[{"name":"wp","href":"https:\/\/api.w.org\/{rel}","templated":true}]}}